{"id":1210,"date":"2022-03-13T23:42:43","date_gmt":"2022-03-14T02:42:43","guid":{"rendered":"https:\/\/fusam.com.br\/?page_id=1210"},"modified":"2024-04-11T10:21:45","modified_gmt":"2024-04-11T13:21:45","slug":"concursos-processos","status":"publish","type":"page","link":"https:\/\/fusam.com.br\/index.php\/concursos-processos\/","title":{"rendered":"Concursos \/ Processos"},"content":{"rendered":"\t\t<div data-elementor-type=\"wp-page\" data-elementor-id=\"1210\" class=\"elementor elementor-1210\">\n\t\t\t\t\t\t\t\t\t<section class=\"elementor-section elementor-top-section elementor-element elementor-element-38b0137 elementor-section-boxed elementor-section-height-default elementor-section-height-default\" data-id=\"38b0137\" data-element_type=\"section\">\n\t\t\t\t\t\t<div class=\"elementor-container elementor-column-gap-default\">\n\t\t\t\t\t<div class=\"elementor-column elementor-col-100 elementor-top-column elementor-element elementor-element-3350945\" data-id=\"3350945\" data-element_type=\"column\">\n\t\t\t<div class=\"elementor-widget-wrap elementor-element-populated\">\n\t\t\t\t\t\t\t\t<div class=\"elementor-element elementor-element-9ce4913 elementor-widget elementor-widget-spacer\" data-id=\"9ce4913\" data-element_type=\"widget\" data-widget_type=\"spacer.default\">\n\t\t\t\t<div class=\"elementor-widget-container\">\n\t\t\t<style>\/*! elementor - v3.8.1 - 13-11-2022 *\/\n.elementor-column .elementor-spacer-inner{height:var(--spacer-size)}.e-con{--container-widget-width:100%}.e-con-inner>.elementor-widget-spacer,.e-con>.elementor-widget-spacer{width:var(--container-widget-width,var(--spacer-size));-ms-flex-item-align:stretch;align-self:stretch;-ms-flex-negative:0;flex-shrink:0}.e-con-inner>.elementor-widget-spacer>.elementor-widget-container,.e-con-inner>.elementor-widget-spacer>.elementor-widget-container>.elementor-spacer,.e-con>.elementor-widget-spacer>.elementor-widget-container,.e-con>.elementor-widget-spacer>.elementor-widget-container>.elementor-spacer{height:100%}.e-con-inner>.elementor-widget-spacer>.elementor-widget-container>.elementor-spacer>.elementor-spacer-inner,.e-con>.elementor-widget-spacer>.elementor-widget-container>.elementor-spacer>.elementor-spacer-inner{height:var(--container-widget-height,var(--spacer-size))}<\/style>\t\t<div class=\"elementor-spacer\">\n\t\t\t<div class=\"elementor-spacer-inner\"><\/div>\n\t\t<\/div>\n\t\t\t\t<\/div>\n\t\t\t\t<\/div>\n\t\t\t\t<div class=\"elementor-element elementor-element-9166ca2 elementor-grid-1 elementor-grid-tablet-2 elementor-grid-mobile-1 elementor-posts--thumbnail-top elementor-widget elementor-widget-posts\" data-id=\"9166ca2\" data-element_type=\"widget\" data-settings=\"{&quot;classic_columns&quot;:&quot;1&quot;,&quot;classic_columns_tablet&quot;:&quot;2&quot;,&quot;classic_columns_mobile&quot;:&quot;1&quot;,&quot;classic_row_gap&quot;:{&quot;unit&quot;:&quot;px&quot;,&quot;size&quot;:35,&quot;sizes&quot;:[]}}\" data-widget_type=\"posts.classic\">\n\t\t\t\t<div class=\"elementor-widget-container\">\n\t\t\t<link rel=\"stylesheet\" href=\"https:\/\/fusam.com.br\/wp-content\/plugins\/elementor-pro\/assets\/css\/widget-posts.min.css\">\t\t<div class=\"elementor-posts-container elementor-posts elementor-posts--skin-classic elementor-grid\">\n\t\t\t\t<article class=\"elementor-post elementor-grid-item post-9630 post type-post status-publish format-standard hentry category-concursos entry\">\n\t\t\t\t<div class=\"elementor-post__text\">\n\t\t\t\t<h3 class=\"elementor-post__title\">\n\t\t\t<a href=\"https:\/\/fusam.com.br\/index.php\/2025\/09\/24\/edital-processo-seletivo-24-09-2025\/\" >\n\t\t\t\tProcesso Seletivo 24\/09\/2025\t\t\t<\/a>\n\t\t<\/h3>\n\t\t\t\t<div class=\"elementor-post__meta-data\">\n\t\t\t\t\t<span class=\"elementor-post-date\">\n\t\t\t24 de setembro de 2025\t\t<\/span>\n\t\t\t\t<\/div>\n\t\t\t\t<div class=\"elementor-post__excerpt\">\n\t\t\t<p>Edital Processo Seletivo Divulga\u00e7\u00e3o de data, hor\u00e1rio , local e inscritos para prova Errata Psic\u00f3logo Organizacional Errata Auxiliar Administrativo Nulidade Quest\u00e3o \u2013 Psic\u00f3logo Organizacional Auxiliar<\/p>\n\t\t<\/div>\n\t\t\t\t\t<a class=\"elementor-post__read-more\" href=\"https:\/\/fusam.com.br\/index.php\/2025\/09\/24\/edital-processo-seletivo-24-09-2025\/\" >\n\t\t\t\tRead More \u00bb\t\t\t<\/a>\n\t\t\t\t<\/div>\n\t\t\t\t<\/article>\n\t\t\t\t<article class=\"elementor-post elementor-grid-item post-7981 post type-post status-publish format-standard hentry category-concursos entry\">\n\t\t\t\t<div class=\"elementor-post__text\">\n\t\t\t\t<h3 class=\"elementor-post__title\">\n\t\t\t<a href=\"https:\/\/fusam.com.br\/index.php\/2025\/05\/20\/resultado-processo-seletivoaprendiz-fusam-2025\/\" >\n\t\t\t\tRESULTADO PROCESSO SELETIVO APRENDIZ FUSAM 2025\t\t\t<\/a>\n\t\t<\/h3>\n\t\t\t\t<div class=\"elementor-post__meta-data\">\n\t\t\t\t\t<span class=\"elementor-post-date\">\n\t\t\t20 de maio de 2025\t\t<\/span>\n\t\t\t\t<\/div>\n\t\t\t\t<div class=\"elementor-post__excerpt\">\n\t\t\t<p>RESULTADOS<\/p>\n\t\t<\/div>\n\t\t\t\t\t<a class=\"elementor-post__read-more\" href=\"https:\/\/fusam.com.br\/index.php\/2025\/05\/20\/resultado-processo-seletivoaprendiz-fusam-2025\/\" >\n\t\t\t\tRead More \u00bb\t\t\t<\/a>\n\t\t\t\t<\/div>\n\t\t\t\t<\/article>\n\t\t\t\t<article class=\"elementor-post elementor-grid-item post-7424 post type-post status-publish format-standard hentry category-concursos entry\">\n\t\t\t\t<div class=\"elementor-post__text\">\n\t\t\t\t<h3 class=\"elementor-post__title\">\n\t\t\t<a href=\"https:\/\/fusam.com.br\/index.php\/2025\/01\/17\/concurso-publico-01-2025-fundacao-de-saude-e-assistencia-do-municipio-de-cacapava-fusam\/\" >\n\t\t\t\tConcurso P\u00fablico &#8211; 001\/2025 &#8211; FUNDA\u00c7\u00c3O DE SA\u00daDE E ASSIST\u00caNCIA DO MUNIC\u00cdPIO DE CA\u00c7APAVA &#8211; FUSAM\t\t\t<\/a>\n\t\t<\/h3>\n\t\t\t\t<div class=\"elementor-post__meta-data\">\n\t\t\t\t\t<span class=\"elementor-post-date\">\n\t\t\t17 de janeiro de 2025\t\t<\/span>\n\t\t\t\t<\/div>\n\t\t\t\t<div class=\"elementor-post__excerpt\">\n\t\t\t<p>EDITAL COMPLETO DIARIO OFICIAL EDITAL DE PRORROGA\u00c7\u00c3O DO CONCURSO Resultado Preliminar da Solicita\u00e7\u00f5es de Isens\u00e3o de Pagamento de Inscri\u00e7\u00e3o Per\u00edodo de Recursos Contra o Resultado<\/p>\n\t\t<\/div>\n\t\t\t\t\t<a class=\"elementor-post__read-more\" href=\"https:\/\/fusam.com.br\/index.php\/2025\/01\/17\/concurso-publico-01-2025-fundacao-de-saude-e-assistencia-do-municipio-de-cacapava-fusam\/\" >\n\t\t\t\tRead More \u00bb\t\t\t<\/a>\n\t\t\t\t<\/div>\n\t\t\t\t<\/article>\n\t\t\t\t<article class=\"elementor-post elementor-grid-item post-6791 post type-post status-publish format-standard hentry category-concursos entry\">\n\t\t\t\t<div class=\"elementor-post__text\">\n\t\t\t\t<h3 class=\"elementor-post__title\">\n\t\t\t<a href=\"https:\/\/fusam.com.br\/index.php\/2024\/10\/04\/edital-processo-seletivo-30-09\/\" >\n\t\t\t\tEdital Processo Seletivo 30\/09\/2024\t\t\t<\/a>\n\t\t<\/h3>\n\t\t\t\t<div class=\"elementor-post__meta-data\">\n\t\t\t\t\t<span class=\"elementor-post-date\">\n\t\t\t4 de outubro de 2024\t\t<\/span>\n\t\t\t\t<\/div>\n\t\t\t\t<div class=\"elementor-post__excerpt\">\n\t\t\t<p>Edital Processo Seletivo ERRATA Processo Seletivo 30\/09 ERRATAS 2 e 3 Processo Seletivo 30\/09 LOCAL E HORARIO DAS PROVAS 1.DIARIO OFICIAL 2.DIARIO OFICIAL 3.ALTERA\u00c7\u00c3O CRONOGRAMA<\/p>\n\t\t<\/div>\n\t\t\t\t\t<a class=\"elementor-post__read-more\" href=\"https:\/\/fusam.com.br\/index.php\/2024\/10\/04\/edital-processo-seletivo-30-09\/\" >\n\t\t\t\tRead More \u00bb\t\t\t<\/a>\n\t\t\t\t<\/div>\n\t\t\t\t<\/article>\n\t\t\t\t<article class=\"elementor-post elementor-grid-item post-4810 post type-post status-publish format-standard hentry category-concursos entry\">\n\t\t\t\t<div class=\"elementor-post__text\">\n\t\t\t\t<h3 class=\"elementor-post__title\">\n\t\t\t<a href=\"https:\/\/fusam.com.br\/index.php\/2024\/01\/26\/lista-classificatoria-edital-27-11-2023\/\" >\n\t\t\t\tLISTA CLASSIFICATORIA EDITAL 27-11-2023\t\t\t<\/a>\n\t\t<\/h3>\n\t\t\t\t<div class=\"elementor-post__meta-data\">\n\t\t\t\t\t<span class=\"elementor-post-date\">\n\t\t\t26 de janeiro de 2024\t\t<\/span>\n\t\t\t\t<\/div>\n\t\t\t\t<div class=\"elementor-post__excerpt\">\n\t\t\t<p>Tecnico PatologiaMedico IntensivistaMedico Cardiologista<\/p>\n\t\t<\/div>\n\t\t\t\t\t<a class=\"elementor-post__read-more\" href=\"https:\/\/fusam.com.br\/index.php\/2024\/01\/26\/lista-classificatoria-edital-27-11-2023\/\" >\n\t\t\t\tRead More \u00bb\t\t\t<\/a>\n\t\t\t\t<\/div>\n\t\t\t\t<\/article>\n\t\t\t\t<article class=\"elementor-post elementor-grid-item post-4667 post type-post status-publish format-standard hentry category-concursos tag-concursos entry\">\n\t\t\t\t<div class=\"elementor-post__text\">\n\t\t\t\t<h3 class=\"elementor-post__title\">\n\t\t\t<a href=\"https:\/\/fusam.com.br\/index.php\/2023\/12\/14\/resultado-processo-seletivo-de-27-de-novembro-de-2023\/\" >\n\t\t\t\tRESULTADO: PROCESSO SELETIVO\u00a0DE 27 DE NOVEMBRO DE 2023\t\t\t<\/a>\n\t\t<\/h3>\n\t\t\t\t<div class=\"elementor-post__meta-data\">\n\t\t\t\t\t<span class=\"elementor-post-date\">\n\t\t\t14 de dezembro de 2023\t\t<\/span>\n\t\t\t\t<\/div>\n\t\t\t\t<div class=\"elementor-post__excerpt\">\n\t\t\t<p>Disponibilizamos os resultados do processo seletivo para cria\u00e7\u00e3o de banco de dados de curr\u00edculos reservas para a FUSAM \u2013 Funda\u00e7\u00e3o de Sa\u00fade e Assist\u00eancia do<\/p>\n\t\t<\/div>\n\t\t\t\t\t<a class=\"elementor-post__read-more\" href=\"https:\/\/fusam.com.br\/index.php\/2023\/12\/14\/resultado-processo-seletivo-de-27-de-novembro-de-2023\/\" >\n\t\t\t\tRead More \u00bb\t\t\t<\/a>\n\t\t\t\t<\/div>\n\t\t\t\t<\/article>\n\t\t\t\t<article class=\"elementor-post elementor-grid-item post-4626 post type-post status-publish format-standard hentry category-concursos tag-concursos entry\">\n\t\t\t\t<div class=\"elementor-post__text\">\n\t\t\t\t<h3 class=\"elementor-post__title\">\n\t\t\t<a href=\"https:\/\/fusam.com.br\/index.php\/2023\/12\/08\/resultado-do-processo-seletivo-para-programa-aprendiz-03-2023\/\" >\n\t\t\t\tRESULTADO DO PROCESSO SELETIVO PARA PROGRAMA APRENDIZ 03\/2023\t\t\t<\/a>\n\t\t<\/h3>\n\t\t\t\t<div class=\"elementor-post__meta-data\">\n\t\t\t\t\t<span class=\"elementor-post-date\">\n\t\t\t8 de dezembro de 2023\t\t<\/span>\n\t\t\t\t<\/div>\n\t\t\t\t<div class=\"elementor-post__excerpt\">\n\t\t\t<p>Disponibilizamos o resultado do processo seletivo para o cadastro reserva do Programa Jovem Aprendiz 03\/2023 para a FUSAM \u2013 Funda\u00e7\u00e3o de Sa\u00fade e Assist\u00eancia do<\/p>\n\t\t<\/div>\n\t\t\t\t\t<a class=\"elementor-post__read-more\" href=\"https:\/\/fusam.com.br\/index.php\/2023\/12\/08\/resultado-do-processo-seletivo-para-programa-aprendiz-03-2023\/\" >\n\t\t\t\tRead More \u00bb\t\t\t<\/a>\n\t\t\t\t<\/div>\n\t\t\t\t<\/article>\n\t\t\t\t<article class=\"elementor-post elementor-grid-item post-4576 post type-post status-publish format-standard hentry category-concursos tag-concursos tag-transparencia-2 entry\">\n\t\t\t\t<div class=\"elementor-post__text\">\n\t\t\t\t<h3 class=\"elementor-post__title\">\n\t\t\t<a href=\"https:\/\/fusam.com.br\/index.php\/2023\/11\/28\/publicacao-do-edital-de-27-de-novembro-de-2023\/\" >\n\t\t\t\tEDITAL:  PROCESSO SELETIVO\u00a0DE 27 DE NOVEMBRO DE 2023\t\t\t<\/a>\n\t\t<\/h3>\n\t\t\t\t<div class=\"elementor-post__meta-data\">\n\t\t\t\t\t<span class=\"elementor-post-date\">\n\t\t\t28 de novembro de 2023\t\t<\/span>\n\t\t\t\t<\/div>\n\t\t\t\t<div class=\"elementor-post__excerpt\">\n\t\t\t<p>A Presidente da FUSAM \u2013 Funda\u00e7\u00e3o de Sa\u00fade e Assist\u00eancia do Munic\u00edpio de Ca\u00e7apava, no uso das atribui\u00e7\u00f5es legais e estatut\u00e1rias, considerando\u00a0a lei municipal n.\u00ba<\/p>\n\t\t<\/div>\n\t\t\t\t\t<a class=\"elementor-post__read-more\" href=\"https:\/\/fusam.com.br\/index.php\/2023\/11\/28\/publicacao-do-edital-de-27-de-novembro-de-2023\/\" >\n\t\t\t\tRead More \u00bb\t\t\t<\/a>\n\t\t\t\t<\/div>\n\t\t\t\t<\/article>\n\t\t\t\t<article class=\"elementor-post elementor-grid-item post-4578 post type-post status-publish format-standard hentry category-concursos tag-concursos tag-transparencia-2 entry\">\n\t\t\t\t<div class=\"elementor-post__text\">\n\t\t\t\t<h3 class=\"elementor-post__title\">\n\t\t\t<a href=\"https:\/\/fusam.com.br\/index.php\/2023\/11\/24\/edital-do-processo-seletivo-para-programa-aprendiz-03-2023\/\" >\n\t\t\t\tEDITAL DO PROCESSO SELETIVO PARA PROGRAMA APRENDIZ 03\/2023\t\t\t<\/a>\n\t\t<\/h3>\n\t\t\t\t<div class=\"elementor-post__meta-data\">\n\t\t\t\t\t<span class=\"elementor-post-date\">\n\t\t\t24 de novembro de 2023\t\t<\/span>\n\t\t\t\t<\/div>\n\t\t\t\t<div class=\"elementor-post__excerpt\">\n\t\t\t<p>A presidente da FUSAM \u2013 Funda\u00e7\u00e3o de Sa\u00fade e Assist\u00eancia do Munic\u00edpio de Ca\u00e7apava, JANA\u00cdNA REZENDE AZEVEDO GOMES MATIAS, considerando o contrato celebrado com a<\/p>\n\t\t<\/div>\n\t\t\t\t\t<a class=\"elementor-post__read-more\" href=\"https:\/\/fusam.com.br\/index.php\/2023\/11\/24\/edital-do-processo-seletivo-para-programa-aprendiz-03-2023\/\" >\n\t\t\t\tRead More \u00bb\t\t\t<\/a>\n\t\t\t\t<\/div>\n\t\t\t\t<\/article>\n\t\t\t\t<article class=\"elementor-post elementor-grid-item post-4035 post type-post status-publish format-standard hentry category-concursos tag-processos-seletivos tag-transparencia-2 entry\">\n\t\t\t\t<div class=\"elementor-post__text\">\n\t\t\t\t<h3 class=\"elementor-post__title\">\n\t\t\t<a href=\"https:\/\/fusam.com.br\/index.php\/2023\/07\/28\/processo-seletivo-programa-aprendiz-02-2023\/\" >\n\t\t\t\tPROCESSO SELETIVO &#8211; PROGRAMA APRENDIZ 02\/2023\t\t\t<\/a>\n\t\t<\/h3>\n\t\t\t\t<div class=\"elementor-post__meta-data\">\n\t\t\t\t\t<span class=\"elementor-post-date\">\n\t\t\t28 de julho de 2023\t\t<\/span>\n\t\t\t\t<\/div>\n\t\t\t\t<div class=\"elementor-post__excerpt\">\n\t\t\t<p>A FUSAM \u2013 Funda\u00e7\u00e3o de Sa\u00fade e Assist\u00eancia do Munic\u00edpio de Ca\u00e7apava em parceria com a Faculdade Santo Ant\u00f4nio, torna p\u00fablico que se encontram abertas<\/p>\n\t\t<\/div>\n\t\t\t\t\t<a class=\"elementor-post__read-more\" href=\"https:\/\/fusam.com.br\/index.php\/2023\/07\/28\/processo-seletivo-programa-aprendiz-02-2023\/\" >\n\t\t\t\tRead More \u00bb\t\t\t<\/a>\n\t\t\t\t<\/div>\n\t\t\t\t<\/article>\n\t\t\t\t<article class=\"elementor-post elementor-grid-item post-3847 post type-post status-publish format-standard hentry category-concursos tag-concursos tag-processos-seletivos tag-transparencia-2 entry\">\n\t\t\t\t<div class=\"elementor-post__text\">\n\t\t\t\t<h3 class=\"elementor-post__title\">\n\t\t\t<a href=\"https:\/\/fusam.com.br\/index.php\/2023\/06\/20\/resultado-do-processo-seletivo-para-cadastro-reserva-abril-de-2023\/\" >\n\t\t\t\tResultado do Processo Seletivo para Cadastro Reserva &#8211; Abril de 2023\t\t\t<\/a>\n\t\t<\/h3>\n\t\t\t\t<div class=\"elementor-post__meta-data\">\n\t\t\t\t\t<span class=\"elementor-post-date\">\n\t\t\t20 de junho de 2023\t\t<\/span>\n\t\t\t\t<\/div>\n\t\t\t\t<div class=\"elementor-post__excerpt\">\n\t\t\t<p>Disponibilizamos os resultados do processo seletivo para cria\u00e7\u00e3o de banco de dados de curr\u00edculos reservas para a FUSAM \u2013 Funda\u00e7\u00e3o de Sa\u00fade e Assist\u00eancia do<\/p>\n\t\t<\/div>\n\t\t\t\t\t<a class=\"elementor-post__read-more\" href=\"https:\/\/fusam.com.br\/index.php\/2023\/06\/20\/resultado-do-processo-seletivo-para-cadastro-reserva-abril-de-2023\/\" >\n\t\t\t\tRead More \u00bb\t\t\t<\/a>\n\t\t\t\t<\/div>\n\t\t\t\t<\/article>\n\t\t\t\t<article class=\"elementor-post elementor-grid-item post-3587 post type-post status-publish format-standard hentry category-concursos entry\">\n\t\t\t\t<div class=\"elementor-post__text\">\n\t\t\t\t<h3 class=\"elementor-post__title\">\n\t\t\t<a href=\"https:\/\/fusam.com.br\/index.php\/2023\/04\/19\/edital-processo-seletivo-de-19-de-abril-2023\/\" >\n\t\t\t\tEDITAL: PROCESSO SELETIVO DE 19 DE ABRIL DE 2023\t\t\t<\/a>\n\t\t<\/h3>\n\t\t\t\t<div class=\"elementor-post__meta-data\">\n\t\t\t\t\t<span class=\"elementor-post-date\">\n\t\t\t19 de abril de 2023\t\t<\/span>\n\t\t\t\t<\/div>\n\t\t\t\t<div class=\"elementor-post__excerpt\">\n\t\t\t<p>O Presidente da FUSAM \u2013 Funda\u00e7\u00e3o de Sa\u00fade e Assist\u00eancia do Munic\u00edpio de Ca\u00e7apava, no uso das atribui\u00e7\u00f5es legais e estatut\u00e1rias, considerando a lei municipal<\/p>\n\t\t<\/div>\n\t\t\t\t\t<a class=\"elementor-post__read-more\" href=\"https:\/\/fusam.com.br\/index.php\/2023\/04\/19\/edital-processo-seletivo-de-19-de-abril-2023\/\" >\n\t\t\t\tRead More \u00bb\t\t\t<\/a>\n\t\t\t\t<\/div>\n\t\t\t\t<\/article>\n\t\t\t\t<article class=\"elementor-post elementor-grid-item post-3544 post type-post status-publish format-standard hentry category-concursos tag-processos-seletivos tag-transparencia-2 entry\">\n\t\t\t\t<div class=\"elementor-post__text\">\n\t\t\t\t<h3 class=\"elementor-post__title\">\n\t\t\t<a href=\"https:\/\/fusam.com.br\/index.php\/2023\/04\/13\/edital-e-ficha-de-inscricao-para-processo-seletivo-de-programa-jovem-aprendiz-01-2023-fusam-cacapava\/\" >\n\t\t\t\tEDITAL E FICHA DE INSCRI\u00c7\u00c3O PARA PROCESSO SELETIVO DE PROGRAMA JOVEM APRENDIZ 01\/2023 FUSAM &#8211; CA\u00c7APAVA\t\t\t<\/a>\n\t\t<\/h3>\n\t\t\t\t<div class=\"elementor-post__meta-data\">\n\t\t\t\t\t<span class=\"elementor-post-date\">\n\t\t\t13 de abril de 2023\t\t<\/span>\n\t\t\t\t<\/div>\n\t\t\t\t<div class=\"elementor-post__excerpt\">\n\t\t\t<p>Inscri\u00e7\u00f5es abertas para Programa Jovem Aprendiz FUSAM \u2013 Ca\u00e7apava 01\/2023. FUSAM \u2013 PROCESSO SELETIVO&nbsp;| 13\/04\/2023 A FUSAM \u2013 Funda\u00e7\u00e3o de Sa\u00fade e Assist\u00eancia do Munic\u00edpio<\/p>\n\t\t<\/div>\n\t\t\t\t\t<a class=\"elementor-post__read-more\" href=\"https:\/\/fusam.com.br\/index.php\/2023\/04\/13\/edital-e-ficha-de-inscricao-para-processo-seletivo-de-programa-jovem-aprendiz-01-2023-fusam-cacapava\/\" >\n\t\t\t\tRead More \u00bb\t\t\t<\/a>\n\t\t\t\t<\/div>\n\t\t\t\t<\/article>\n\t\t\t\t<article class=\"elementor-post elementor-grid-item post-3541 post type-post status-publish format-standard hentry category-concursos tag-processos-seletivos tag-transparencia-2 entry\">\n\t\t\t\t<div class=\"elementor-post__text\">\n\t\t\t\t<h3 class=\"elementor-post__title\">\n\t\t\t<a href=\"https:\/\/fusam.com.br\/index.php\/2023\/04\/13\/edital-cadastro-reserva-processo-seletivo-simplificado-de-22-de-julho-de-2022-2\/\" >\n\t\t\t\tEdital: Cadastro Reserva &#8211; Processo Seletivo Simplificado de 22 de Julho de 2022\t\t\t<\/a>\n\t\t<\/h3>\n\t\t\t\t<div class=\"elementor-post__meta-data\">\n\t\t\t\t\t<span class=\"elementor-post-date\">\n\t\t\t13 de abril de 2023\t\t<\/span>\n\t\t\t\t<\/div>\n\t\t\t\t<div class=\"elementor-post__excerpt\">\n\t\t\t<p>Inscri\u00e7\u00f5es abertas para Programa Jovem Aprendiz FUSAM \u2013 Ca\u00e7apava 01\/2023. FUSAM \u2013 PROCESSO SELETIVO&nbsp;| 13\/04\/2023 A FUSAM \u2013 Funda\u00e7\u00e3o de Sa\u00fade e Assist\u00eancia do Munic\u00edpio<\/p>\n\t\t<\/div>\n\t\t\t\t\t<a class=\"elementor-post__read-more\" href=\"https:\/\/fusam.com.br\/index.php\/2023\/04\/13\/edital-cadastro-reserva-processo-seletivo-simplificado-de-22-de-julho-de-2022-2\/\" >\n\t\t\t\tRead More \u00bb\t\t\t<\/a>\n\t\t\t\t<\/div>\n\t\t\t\t<\/article>\n\t\t\t\t<article class=\"elementor-post elementor-grid-item post-2633 post type-post status-publish format-standard hentry category-concursos tag-concursos tag-transparencia-2 entry\">\n\t\t\t\t<div class=\"elementor-post__text\">\n\t\t\t\t<h3 class=\"elementor-post__title\">\n\t\t\t<a href=\"https:\/\/fusam.com.br\/index.php\/2022\/10\/26\/resultado-do-processo-seletivo-emergencial-para-cadastro-reserva-de-22-de-julho-de-2022\/\" >\n\t\t\t\tResultado do Processo Seletivo Emergencial para Cadastro Reserva de 22 de Julho de 2022\t\t\t<\/a>\n\t\t<\/h3>\n\t\t\t\t<div class=\"elementor-post__meta-data\">\n\t\t\t\t\t<span class=\"elementor-post-date\">\n\t\t\t26 de outubro de 2022\t\t<\/span>\n\t\t\t\t<\/div>\n\t\t\t\t<div class=\"elementor-post__excerpt\">\n\t\t\t<p>Disponibilizamos o resultado do processo seletivo para cria\u00e7\u00e3o de banco de dados de curr\u00edculos reservas para a FUSAM.O processo seletivo foi realizado pelo PAT (Posto<\/p>\n\t\t<\/div>\n\t\t\t\t\t<a class=\"elementor-post__read-more\" href=\"https:\/\/fusam.com.br\/index.php\/2022\/10\/26\/resultado-do-processo-seletivo-emergencial-para-cadastro-reserva-de-22-de-julho-de-2022\/\" >\n\t\t\t\tRead More \u00bb\t\t\t<\/a>\n\t\t\t\t<\/div>\n\t\t\t\t<\/article>\n\t\t\t\t<article class=\"elementor-post elementor-grid-item post-2206 post type-post status-publish format-standard hentry category-concursos tag-concursos tag-transparencia-2 entry\">\n\t\t\t\t<div class=\"elementor-post__text\">\n\t\t\t\t<h3 class=\"elementor-post__title\">\n\t\t\t<a href=\"https:\/\/fusam.com.br\/index.php\/2022\/07\/22\/edital-cadastro-reserva-processo-seletivo-simplificado-de-22-de-julho-de-2022\/\" >\n\t\t\t\tEdital: Cadastro Reserva &#8211; Processo Seletivo Simplificado de 22 de Julho de 2022\t\t\t<\/a>\n\t\t<\/h3>\n\t\t\t\t<div class=\"elementor-post__meta-data\">\n\t\t\t\t\t<span class=\"elementor-post-date\">\n\t\t\t22 de julho de 2022\t\t<\/span>\n\t\t\t\t<\/div>\n\t\t\t\t<div class=\"elementor-post__excerpt\">\n\t\t\t<p>O Presidente da FUSAM \u2013 Funda\u00e7\u00e3o de Sa\u00fade e Assist\u00eancia do Munic\u00edpio de Ca\u00e7apava, no uso das atribui\u00e7\u00f5es legais e estatut\u00e1rias, considerando a lei municipal<\/p>\n\t\t<\/div>\n\t\t\t\t\t<a class=\"elementor-post__read-more\" href=\"https:\/\/fusam.com.br\/index.php\/2022\/07\/22\/edital-cadastro-reserva-processo-seletivo-simplificado-de-22-de-julho-de-2022\/\" >\n\t\t\t\tRead More \u00bb\t\t\t<\/a>\n\t\t\t\t<\/div>\n\t\t\t\t<\/article>\n\t\t\t\t<article class=\"elementor-post elementor-grid-item post-1814 post type-post status-publish format-standard hentry category-concursos tag-concursos tag-processos-seletivos tag-transparencia-2 entry\">\n\t\t\t\t<div class=\"elementor-post__text\">\n\t\t\t\t<h3 class=\"elementor-post__title\">\n\t\t\t<a href=\"https:\/\/fusam.com.br\/index.php\/2022\/04\/05\/resultado-do-processo-seletivo-emergencial-para-cadastro-reserva-de-14-de-fevereiro-de-2022\/\" >\n\t\t\t\tResultado do Processo Seletivo Emergencial para Cadastro Reserva de 14 de Fevereiro de 2022\t\t\t<\/a>\n\t\t<\/h3>\n\t\t\t\t<div class=\"elementor-post__meta-data\">\n\t\t\t\t\t<span class=\"elementor-post-date\">\n\t\t\t5 de abril de 2022\t\t<\/span>\n\t\t\t\t<\/div>\n\t\t\t\t<div class=\"elementor-post__excerpt\">\n\t\t\t<p>Disponibilizamos o resultado do processo seletivo para forma\u00e7\u00e3o de cadastro reserva de profissionais de n\u00edvel m\u00e9dio e superior para a contrata\u00e7\u00e3o tempor\u00e1ria.O processo seletivo foi<\/p>\n\t\t<\/div>\n\t\t\t\t\t<a class=\"elementor-post__read-more\" href=\"https:\/\/fusam.com.br\/index.php\/2022\/04\/05\/resultado-do-processo-seletivo-emergencial-para-cadastro-reserva-de-14-de-fevereiro-de-2022\/\" >\n\t\t\t\tRead More \u00bb\t\t\t<\/a>\n\t\t\t\t<\/div>\n\t\t\t\t<\/article>\n\t\t\t\t<article class=\"elementor-post elementor-grid-item post-1792 post type-post status-publish format-standard hentry category-concursos entry\">\n\t\t\t\t<div class=\"elementor-post__text\">\n\t\t\t\t<h3 class=\"elementor-post__title\">\n\t\t\t<a href=\"https:\/\/fusam.com.br\/index.php\/2022\/04\/01\/resultado-processo-seletivo-para-programa-de-aprendizagem-na-fusam\/\" >\n\t\t\t\tRESULTADO: PROCESSO SELETIVO PARA PROGRAMA DE APRENDIZAGEM NA FUSAM\t\t\t<\/a>\n\t\t<\/h3>\n\t\t\t\t<div class=\"elementor-post__meta-data\">\n\t\t\t\t\t<span class=\"elementor-post-date\">\n\t\t\t1 de abril de 2022\t\t<\/span>\n\t\t\t\t<\/div>\n\t\t\t\t<div class=\"elementor-post__excerpt\">\n\t\t\t<p>Em 23 de mar\u00e7o de 2022, a Faculdade Santo Ant\u00f4nio, no uso de suas atribui\u00e7\u00f5es, tornou p\u00fablica a realiza\u00e7\u00e3o do processo seletivo de cadastro de<\/p>\n\t\t<\/div>\n\t\t\t\t\t<a class=\"elementor-post__read-more\" href=\"https:\/\/fusam.com.br\/index.php\/2022\/04\/01\/resultado-processo-seletivo-para-programa-de-aprendizagem-na-fusam\/\" >\n\t\t\t\tRead More \u00bb\t\t\t<\/a>\n\t\t\t\t<\/div>\n\t\t\t\t<\/article>\n\t\t\t\t<article class=\"elementor-post elementor-grid-item post-1025 post type-post status-publish format-standard hentry category-concursos category-sem-categoria entry\">\n\t\t\t\t<div class=\"elementor-post__text\">\n\t\t\t\t<h3 class=\"elementor-post__title\">\n\t\t\t<a href=\"https:\/\/fusam.com.br\/index.php\/2022\/03\/13\/fusam-concurso-publico-2014\/\" >\n\t\t\t\tFUSAM \u2013 CONCURSO P\u00daBLICO \u2013 2014\t\t\t<\/a>\n\t\t<\/h3>\n\t\t\t\t<div class=\"elementor-post__meta-data\">\n\t\t\t\t\t<span class=\"elementor-post-date\">\n\t\t\t13 de mar\u00e7o de 2022\t\t<\/span>\n\t\t\t\t<\/div>\n\t\t\t\t<div class=\"elementor-post__excerpt\">\n\t\t\t<p>Para mais informa\u00e7\u00f5es acesse: www.iuds.org.br<\/p>\n\t\t<\/div>\n\t\t\t\t\t<a class=\"elementor-post__read-more\" href=\"https:\/\/fusam.com.br\/index.php\/2022\/03\/13\/fusam-concurso-publico-2014\/\" >\n\t\t\t\tRead More \u00bb\t\t\t<\/a>\n\t\t\t\t<\/div>\n\t\t\t\t<\/article>\n\t\t\t\t<article class=\"elementor-post elementor-grid-item post-1024 post type-post status-publish format-standard hentry category-concursos category-sem-categoria entry\">\n\t\t\t\t<div class=\"elementor-post__text\">\n\t\t\t\t<h3 class=\"elementor-post__title\">\n\t\t\t<a href=\"https:\/\/fusam.com.br\/index.php\/2022\/03\/13\/edital-do-concurso-06-02-2015\/\" >\n\t\t\t\tEDITAL DO CONCURSO \u2013 06.02.2015\t\t\t<\/a>\n\t\t<\/h3>\n\t\t\t\t<div class=\"elementor-post__meta-data\">\n\t\t\t\t\t<span class=\"elementor-post-date\">\n\t\t\t13 de mar\u00e7o de 2022\t\t<\/span>\n\t\t\t\t<\/div>\n\t\t\t\t<div class=\"elementor-post__excerpt\">\n\t\t\t<p>EDITAL DE CONCURSO P\u00daBLICO N\u00ba 001\/2015 \u2013 06.02.2015 O Presidente da FUSAM \u2013 Funda\u00e7\u00e3o de Sa\u00fade e Assist\u00eancia do Munic\u00edpio de Ca\u00e7apava, Estado de S\u00e3o<\/p>\n\t\t<\/div>\n\t\t\t\t\t<a class=\"elementor-post__read-more\" href=\"https:\/\/fusam.com.br\/index.php\/2022\/03\/13\/edital-do-concurso-06-02-2015\/\" >\n\t\t\t\tRead More \u00bb\t\t\t<\/a>\n\t\t\t\t<\/div>\n\t\t\t\t<\/article>\n\t\t\t\t<\/div>\n\t\t\t\t<\/div>\n\t\t\t\t<\/div>\n\t\t\t\t<div class=\"elementor-element elementor-element-56a696b elementor-widget elementor-widget-spacer\" data-id=\"56a696b\" data-element_type=\"widget\" data-widget_type=\"spacer.default\">\n\t\t\t\t<div class=\"elementor-widget-container\">\n\t\t\t\t\t<div class=\"elementor-spacer\">\n\t\t\t<div class=\"elementor-spacer-inner\"><\/div>\n\t\t<\/div>\n\t\t\t\t<\/div>\n\t\t\t\t<\/div>\n\t\t\t\t\t<\/div>\n\t\t<\/div>\n\t\t\t\t\t\t\t<\/div>\n\t\t<\/section>\n\t\t\t\t\t\t\t<\/div>\n\t\t","protected":false},"excerpt":{"rendered":"","protected":false},"author":5,"featured_media":0,"parent":0,"menu_order":0,"comment_status":"closed","ping_status":"closed","template":"elementor_header_footer","meta":{"footnotes":""},"class_list":["post-1210","page","type-page","status-publish","hentry","entry"],"_links":{"self":[{"href":"https:\/\/fusam.com.br\/index.php\/wp-json\/wp\/v2\/pages\/1210","targetHints":{"allow":["GET"]}}],"collection":[{"href":"https:\/\/fusam.com.br\/index.php\/wp-json\/wp\/v2\/pages"}],"about":[{"href":"https:\/\/fusam.com.br\/index.php\/wp-json\/wp\/v2\/types\/page"}],"author":[{"embeddable":true,"href":"https:\/\/fusam.com.br\/index.php\/wp-json\/wp\/v2\/users\/5"}],"replies":[{"embeddable":true,"href":"https:\/\/fusam.com.br\/index.php\/wp-json\/wp\/v2\/comments?post=1210"}],"version-history":[{"count":17,"href":"https:\/\/fusam.com.br\/index.php\/wp-json\/wp\/v2\/pages\/1210\/revisions"}],"predecessor-version":[{"id":5812,"href":"https:\/\/fusam.com.br\/index.php\/wp-json\/wp\/v2\/pages\/1210\/revisions\/5812"}],"wp:attachment":[{"href":"https:\/\/fusam.com.br\/index.php\/wp-json\/wp\/v2\/media?parent=1210"}],"curies":[{"name":"wp","href":"https:\/\/api.w.org\/{rel}","templated":true}]}}